{"id":960,"date":"2022-07-01T13:25:07","date_gmt":"2022-07-01T13:25:07","guid":{"rendered":"http:\/\/we-digitize.io\/?page_id=960"},"modified":"2026-04-27T08:01:21","modified_gmt":"2026-04-27T08:01:21","slug":"aktuelleprojekte","status":"publish","type":"page","link":"https:\/\/we-digitize.io\/de\/aktuelleprojekte\/","title":{"rendered":"Aktuelle Projekte"},"content":{"rendered":"\t\t<div data-elementor-type=\"wp-post\" data-elementor-id=\"960\" class=\"elementor elementor-960\" data-elementor-post-type=\"page\">\n\t\t\t\t\t\t<section class=\"elementor-section elementor-top-section elementor-element elementor-element-9a5b285 elementor-section-boxed elementor-section-height-default elementor-section-height-default\" data-id=\"9a5b285\" data-element_type=\"section\" data-e-type=\"section\">\n\t\t\t\t\t\t<div class=\"elementor-container elementor-column-gap-default\">\n\t\t\t\t\t<div class=\"elementor-column elementor-col-100 elementor-top-column elementor-element elementor-element-d8e9142\" data-id=\"d8e9142\" data-element_type=\"column\" data-e-type=\"column\">\n\t\t\t<div class=\"elementor-widget-wrap\">\n\t\t\t\t\t\t\t<\/div>\n\t\t<\/div>\n\t\t\t\t\t<\/div>\n\t\t<\/section>\n\t\t\t\t<section class=\"elementor-section elementor-top-section elementor-element elementor-element-850f817 elementor-section-boxed elementor-section-height-default elementor-section-height-default\" data-id=\"850f817\" data-element_type=\"section\" data-e-type=\"section\">\n\t\t\t\t\t\t<div class=\"elementor-container elementor-column-gap-default\">\n\t\t\t\t\t<div class=\"elementor-column elementor-col-100 elementor-top-column elementor-element elementor-element-b91ca73\" data-id=\"b91ca73\" data-element_type=\"column\" data-e-type=\"column\">\n\t\t\t<div class=\"elementor-widget-wrap elementor-element-populated\">\n\t\t\t\t\t\t<div class=\"elementor-element elementor-element-fee467d elementor-widget elementor-widget-spacer\" data-id=\"fee467d\" data-element_type=\"widget\" data-e-type=\"widget\" data-widget_type=\"spacer.default\">\n\t\t\t\t<div class=\"elementor-widget-container\">\n\t\t\t\t\t\t\t<div class=\"elementor-spacer\">\n\t\t\t<div class=\"elementor-spacer-inner\"><\/div>\n\t\t<\/div>\n\t\t\t\t\t\t<\/div>\n\t\t\t\t<\/div>\n\t\t\t\t<div class=\"elementor-element elementor-element-b031b78 elementor-widget elementor-widget-heading\" data-id=\"b031b78\" data-element_type=\"widget\" data-e-type=\"widget\" data-widget_type=\"heading.default\">\n\t\t\t\t<div class=\"elementor-widget-container\">\n\t\t\t\t\t<h1 class=\"elementor-heading-title elementor-size-default\">Aktuelle Projekte<\/h1>\t\t\t\t<\/div>\n\t\t\t\t<\/div>\n\t\t\t\t\t<\/div>\n\t\t<\/div>\n\t\t\t\t\t<\/div>\n\t\t<\/section>\n\t\t\t\t<section class=\"elementor-section elementor-top-section elementor-element elementor-element-4e8f4cb elementor-section-boxed elementor-section-height-default elementor-section-height-default\" data-id=\"4e8f4cb\" data-element_type=\"section\" data-e-type=\"section\" data-settings=\"{&quot;background_background&quot;:&quot;classic&quot;}\">\n\t\t\t\t\t\t<div class=\"elementor-container elementor-column-gap-no\">\n\t\t\t\t\t<div class=\"elementor-column elementor-col-50 elementor-top-column elementor-element elementor-element-c764de1\" data-id=\"c764de1\" data-element_type=\"column\" data-e-type=\"column\" data-settings=\"{&quot;background_background&quot;:&quot;classic&quot;}\">\n\t\t\t<div class=\"elementor-widget-wrap elementor-element-populated\">\n\t\t\t\t\t\t<div class=\"elementor-element elementor-element-97eabe8 elementor-widget elementor-widget-image\" data-id=\"97eabe8\" data-element_type=\"widget\" data-e-type=\"widget\" data-widget_type=\"image.default\">\n\t\t\t\t<div class=\"elementor-widget-container\">\n\t\t\t\t\t\t\t\t\t\t\t\t\t\t\t<img fetchpriority=\"high\" decoding=\"async\" width=\"800\" height=\"450\" src=\"https:\/\/we-digitize.io\/wp-content\/uploads\/2023\/03\/LiveLocker-1024x576.jpg\" class=\"attachment-large size-large wp-image-1850\" alt=\"\" srcset=\"https:\/\/we-digitize.io\/wp-content\/uploads\/2023\/03\/LiveLocker-1024x576.jpg 1024w, https:\/\/we-digitize.io\/wp-content\/uploads\/2023\/03\/LiveLocker-300x169.jpg 300w, https:\/\/we-digitize.io\/wp-content\/uploads\/2023\/03\/LiveLocker-768x432.jpg 768w, https:\/\/we-digitize.io\/wp-content\/uploads\/2023\/03\/LiveLocker-1536x864.jpg 1536w, https:\/\/we-digitize.io\/wp-content\/uploads\/2023\/03\/LiveLocker.jpg 1920w\" sizes=\"(max-width: 800px) 100vw, 800px\" \/>\t\t\t\t\t\t\t\t\t\t\t\t\t\t\t<\/div>\n\t\t\t\t<\/div>\n\t\t\t\t<div class=\"elementor-element elementor-element-1078832 elementor-widget elementor-widget-image\" data-id=\"1078832\" data-element_type=\"widget\" data-e-type=\"widget\" data-widget_type=\"image.default\">\n\t\t\t\t<div class=\"elementor-widget-container\">\n\t\t\t\t\t\t\t\t\t\t\t\t\t\t\t<img decoding=\"async\" width=\"321\" height=\"113\" src=\"https:\/\/we-digitize.io\/wp-content\/uploads\/2023\/02\/LiveLocker.svg\" class=\"attachment-large size-large wp-image-1634\" alt=\"\" \/>\t\t\t\t\t\t\t\t\t\t\t\t\t\t\t<\/div>\n\t\t\t\t<\/div>\n\t\t\t\t<div class=\"elementor-element elementor-element-b1f5e07 elementor-widget elementor-widget-toggle\" data-id=\"b1f5e07\" data-element_type=\"widget\" data-e-type=\"widget\" data-widget_type=\"toggle.default\">\n\t\t\t\t<div class=\"elementor-widget-container\">\n\t\t\t\t\t\t\t<div class=\"elementor-toggle\">\n\t\t\t\t\t\t\t<div class=\"elementor-toggle-item\">\n\t\t\t\t\t<div id=\"elementor-tab-title-1861\" class=\"elementor-tab-title\" data-tab=\"1\" role=\"button\" aria-controls=\"elementor-tab-content-1861\" aria-expanded=\"false\">\n\t\t\t\t\t\t\t\t\t\t\t\t<span class=\"elementor-toggle-icon elementor-toggle-icon-right\" aria-hidden=\"true\">\n\t\t\t\t\t\t\t\t\t\t\t\t\t\t\t<span class=\"elementor-toggle-icon-closed\"><i class=\"fas fa-plus\"><\/i><\/span>\n\t\t\t\t\t\t\t\t<span class=\"elementor-toggle-icon-opened\"><i class=\"elementor-toggle-icon-opened fas fa-minus\"><\/i><\/span>\n\t\t\t\t\t\t\t\t\t\t\t\t\t<\/span>\n\t\t\t\t\t\t\t\t\t\t\t\t<a class=\"elementor-toggle-title\" tabindex=\"0\">Kauf Park G\u00f6ttingen<\/a>\n\t\t\t\t\t<\/div>\n\n\t\t\t\t\t<div id=\"elementor-tab-content-1861\" class=\"elementor-tab-content elementor-clearfix\" data-tab=\"1\" role=\"region\" aria-labelledby=\"elementor-tab-title-1861\"><p>Eine wichtige Serviceleistung in einem Einkaufszentrum sind Schliessf\u00e4cher, in denen Kundinnen und Kunden ihre Eink\u00e4ufe, Taschen oder auch Jacke und Regenschirm sicher verwahren k\u00f6nnen. J\u00fcrgen Brunke, Center Manager Kauf Park, meint: \u00abWir sind stolz, gemeinsam mit we.digitize, unseren Kundinnen und Kunden diesen kostenlosen Service zu bieten. Wir sind davon \u00fcberzeugt, dass die digitalen Schlie\u00dff\u00e4cher ein wichtiger Schritt in Richtung einer noch besseren Kundenerfahrung sind.\u00bb Wir freuen uns, mit dieser modernen Dienstleistung einen wichtigen Beitrag zur Nachhaltigkeit im Alltag zu leisten.<\/p><\/div>\n\t\t\t\t<\/div>\n\t\t\t\t\t\t\t<div class=\"elementor-toggle-item\">\n\t\t\t\t\t<div id=\"elementor-tab-title-1862\" class=\"elementor-tab-title\" data-tab=\"2\" role=\"button\" aria-controls=\"elementor-tab-content-1862\" aria-expanded=\"false\">\n\t\t\t\t\t\t\t\t\t\t\t\t<span class=\"elementor-toggle-icon elementor-toggle-icon-right\" aria-hidden=\"true\">\n\t\t\t\t\t\t\t\t\t\t\t\t\t\t\t<span class=\"elementor-toggle-icon-closed\"><i class=\"fas fa-plus\"><\/i><\/span>\n\t\t\t\t\t\t\t\t<span class=\"elementor-toggle-icon-opened\"><i class=\"elementor-toggle-icon-opened fas fa-minus\"><\/i><\/span>\n\t\t\t\t\t\t\t\t\t\t\t\t\t<\/span>\n\t\t\t\t\t\t\t\t\t\t\t\t<a class=\"elementor-toggle-title\" tabindex=\"0\">Messe Karlsruhe<\/a>\n\t\t\t\t\t<\/div>\n\n\t\t\t\t\t<div id=\"elementor-tab-content-1862\" class=\"elementor-tab-content elementor-clearfix\" data-tab=\"2\" role=\"region\" aria-labelledby=\"elementor-tab-title-1862\"><p><img decoding=\"async\" class=\"size-full wp-image-914 aligncenter\" src=\"http:\/\/we-digitize.io\/wp-content\/uploads\/2022\/06\/20220530_185855-1-scaled-e1656514311593.jpg\" alt=\"\" width=\"2560\" height=\"1107\" \/>Nach den Erfolgen auf den Trend-Veranstaltungen der Messe Karlsruhe &#8222;learntec&#8220;, &#8222;REHAB&#8220; und &#8222;art Karlsruhe&#8220; durften wir am 11. Juli 2022 unseren Permanentstandort beziehen. Also liebe Besucher der Messe Karlsruhe, von nun an findet ihr uns direkt am Haupteingang links: einfach QR-Code scannen, einloggen oder registrieren, Gep\u00e4ck reinlegen und die Veranstaltung geniessen.<\/p><\/div>\n\t\t\t\t<\/div>\n\t\t\t\t\t\t\t<div class=\"elementor-toggle-item\">\n\t\t\t\t\t<div id=\"elementor-tab-title-1863\" class=\"elementor-tab-title\" data-tab=\"3\" role=\"button\" aria-controls=\"elementor-tab-content-1863\" aria-expanded=\"false\">\n\t\t\t\t\t\t\t\t\t\t\t\t<span class=\"elementor-toggle-icon elementor-toggle-icon-right\" aria-hidden=\"true\">\n\t\t\t\t\t\t\t\t\t\t\t\t\t\t\t<span class=\"elementor-toggle-icon-closed\"><i class=\"fas fa-plus\"><\/i><\/span>\n\t\t\t\t\t\t\t\t<span class=\"elementor-toggle-icon-opened\"><i class=\"elementor-toggle-icon-opened fas fa-minus\"><\/i><\/span>\n\t\t\t\t\t\t\t\t\t\t\t\t\t<\/span>\n\t\t\t\t\t\t\t\t\t\t\t\t<a class=\"elementor-toggle-title\" tabindex=\"0\">Learntec Karlsruhe<\/a>\n\t\t\t\t\t<\/div>\n\n\t\t\t\t\t<div id=\"elementor-tab-content-1863\" class=\"elementor-tab-content elementor-clearfix\" data-tab=\"3\" role=\"region\" aria-labelledby=\"elementor-tab-title-1863\"><p>Auf der Learntec Messe in Karlsruhe konnten die Besucher*innen ihr Gep\u00e4ck und ihre Wertsachen unseren sicheren, innovativen LiveLockern anvertrauen \u2013 ganz ohne Schl\u00fcssel, Pfandm\u00fcnze oder Chipkarte. Nach nur 30 Minuten waren all unsere 24 LiveLocker belegt. Wir freuen uns sehr \u00fcber das grosse Interesse an unseren digitalen Schliessf\u00e4chern. M\u00f6chten auch Sie unsere LiveLocker live erleben? Besuchen Sie uns auf einer der Messen in Karlsruhe!<\/p><\/div>\n\t\t\t\t<\/div>\n\t\t\t\t\t\t\t<div class=\"elementor-toggle-item\">\n\t\t\t\t\t<div id=\"elementor-tab-title-1864\" class=\"elementor-tab-title\" data-tab=\"4\" role=\"button\" aria-controls=\"elementor-tab-content-1864\" aria-expanded=\"false\">\n\t\t\t\t\t\t\t\t\t\t\t\t<span class=\"elementor-toggle-icon elementor-toggle-icon-right\" aria-hidden=\"true\">\n\t\t\t\t\t\t\t\t\t\t\t\t\t\t\t<span class=\"elementor-toggle-icon-closed\"><i class=\"fas fa-plus\"><\/i><\/span>\n\t\t\t\t\t\t\t\t<span class=\"elementor-toggle-icon-opened\"><i class=\"elementor-toggle-icon-opened fas fa-minus\"><\/i><\/span>\n\t\t\t\t\t\t\t\t\t\t\t\t\t<\/span>\n\t\t\t\t\t\t\t\t\t\t\t\t<a class=\"elementor-toggle-title\" tabindex=\"0\">startport GmbH<\/a>\n\t\t\t\t\t<\/div>\n\n\t\t\t\t\t<div id=\"elementor-tab-content-1864\" class=\"elementor-tab-content elementor-clearfix\" data-tab=\"4\" role=\"region\" aria-labelledby=\"elementor-tab-title-1864\"><p>Die LiveLocker sind bei der startport GmbH installiert und betriebsbereit. Nun k\u00f6nnen die Besucher*innen und Mitarbeiter*innen der verschiedenen Startups im Coworkingspace unsere LiveLocker zur \u00dcbergabe und Lagerung von Materialien und Utensilien nutzen. Besonders profitieren sie dabei von der Reservierungsfunktion. Das Meeting bei einem Ap\u00e9ro ausklingen lassen? Die Unterlagen \u00fcber Nacht im Coworkingspace lagern? Kein Problem: unsere LiveLocker bieten Kund*innen Planungssicherheit und Entlastung \u2013 das Kundenbed\u00fcrfnis steht bei uns im Zentrum.<\/p><p><img loading=\"lazy\" decoding=\"async\" class=\"alignnone size-full wp-image-1050\" src=\"http:\/\/we-digitize.io\/wp-content\/uploads\/2022\/07\/1644402554920.jpeg\" alt=\"\" width=\"2048\" height=\"1536\" srcset=\"https:\/\/we-digitize.io\/wp-content\/uploads\/2022\/07\/1644402554920.jpeg 2048w, https:\/\/we-digitize.io\/wp-content\/uploads\/2022\/07\/1644402554920-300x225.jpeg 300w, https:\/\/we-digitize.io\/wp-content\/uploads\/2022\/07\/1644402554920-1024x768.jpeg 1024w, https:\/\/we-digitize.io\/wp-content\/uploads\/2022\/07\/1644402554920-768x576.jpeg 768w, https:\/\/we-digitize.io\/wp-content\/uploads\/2022\/07\/1644402554920-1536x1152.jpeg 1536w\" sizes=\"(max-width: 2048px) 100vw, 2048px\" \/><\/p><\/div>\n\t\t\t\t<\/div>\n\t\t\t\t\t\t\t<div class=\"elementor-toggle-item\">\n\t\t\t\t\t<div id=\"elementor-tab-title-1865\" class=\"elementor-tab-title\" data-tab=\"5\" role=\"button\" aria-controls=\"elementor-tab-content-1865\" aria-expanded=\"false\">\n\t\t\t\t\t\t\t\t\t\t\t\t<span class=\"elementor-toggle-icon elementor-toggle-icon-right\" aria-hidden=\"true\">\n\t\t\t\t\t\t\t\t\t\t\t\t\t\t\t<span class=\"elementor-toggle-icon-closed\"><i class=\"fas fa-plus\"><\/i><\/span>\n\t\t\t\t\t\t\t\t<span class=\"elementor-toggle-icon-opened\"><i class=\"elementor-toggle-icon-opened fas fa-minus\"><\/i><\/span>\n\t\t\t\t\t\t\t\t\t\t\t\t\t<\/span>\n\t\t\t\t\t\t\t\t\t\t\t\t<a class=\"elementor-toggle-title\" tabindex=\"0\">E-World<\/a>\n\t\t\t\t\t<\/div>\n\n\t\t\t\t\t<div id=\"elementor-tab-content-1865\" class=\"elementor-tab-content elementor-clearfix\" data-tab=\"5\" role=\"region\" aria-labelledby=\"elementor-tab-title-1865\"><p><strong>Bequeme Gep\u00e4ckaufbewahrung bei der E-World<\/strong> <br \/>Unsere LiveLocker befinden sich verteilt auf mehrere Hallen bei\u00a0der E-World Messe in Essen und bieten den Besuchern eine bequeme M\u00f6glichkeit, ihr Gep\u00e4ck sicher unterzubringen. Diese L\u00f6sung erm\u00f6glicht es den Messebesuchern, ihren Aufenthalt stressfrei zu genie\u00dfen, ohne sich um ihr Gep\u00e4ck sorgen zu m\u00fcssen. Dank unserer innovativen digitalen L\u00f6sung ist die Buchung eines Schlie\u00dffachs einfacher als je zuvor. Alles, was ben\u00f6tigt wird, ist ein Smartphone. Dar\u00fcber hinaus k\u00f6nnen die Schlie\u00dff\u00e4cher bereits vor Beginn der Messe online reserviert werden. Das gew\u00e4hrleistet, dass Besucher stressfrei zu ihrem Fach gelangen k\u00f6nnen, ohne die Bef\u00fcrchtung, dass alle F\u00e4cher bereit belegt\u00a0sind.<\/p><p><img loading=\"lazy\" decoding=\"async\" class=\"size-medium wp-image-2216 aligncenter\" src=\"http:\/\/we-digitize.io\/wp-content\/uploads\/2024\/09\/E-World-300x227.png\" alt=\"\" width=\"300\" height=\"227\" \/><\/p><\/div>\n\t\t\t\t<\/div>\n\t\t\t\t\t\t\t<div class=\"elementor-toggle-item\">\n\t\t\t\t\t<div id=\"elementor-tab-title-1866\" class=\"elementor-tab-title\" data-tab=\"6\" role=\"button\" aria-controls=\"elementor-tab-content-1866\" aria-expanded=\"false\">\n\t\t\t\t\t\t\t\t\t\t\t\t<span class=\"elementor-toggle-icon elementor-toggle-icon-right\" aria-hidden=\"true\">\n\t\t\t\t\t\t\t\t\t\t\t\t\t\t\t<span class=\"elementor-toggle-icon-closed\"><i class=\"fas fa-plus\"><\/i><\/span>\n\t\t\t\t\t\t\t\t<span class=\"elementor-toggle-icon-opened\"><i class=\"elementor-toggle-icon-opened fas fa-minus\"><\/i><\/span>\n\t\t\t\t\t\t\t\t\t\t\t\t\t<\/span>\n\t\t\t\t\t\t\t\t\t\t\t\t<a class=\"elementor-toggle-title\" tabindex=\"0\">Fitpoint<\/a>\n\t\t\t\t\t<\/div>\n\n\t\t\t\t\t<div id=\"elementor-tab-content-1866\" class=\"elementor-tab-content elementor-clearfix\" data-tab=\"6\" role=\"region\" aria-labelledby=\"elementor-tab-title-1866\"><p>Unsere LiveLocker\u00ae bieten sportbegeisterten Besuchern in Duisburg ausreichend Stauraum um ihre pers\u00f6nlichen Wertgegenst\u00e4nde sicher zu verwahren. Gerade f\u00fcr Fitnessstudios bietet sich unsere L\u00f6sung ideal an, da Wertsachen sicher eingeschlossen werden k\u00f6nnen, ohne dass st\u00f6rende Schl\u00fcsselkarten st\u00e4ndig von Ger\u00e4t zu Ger\u00e4t mitgef\u00fchrt werden m\u00fcssen. Der Fokus liegt somit vollst\u00e4ndig auf dem Training. Selbst Smartphones lassen sich problemlos einschlie\u00dfen. \u00dcber das integrierte Tablet erhalten die Nutzer jederzeit Zugang zu ihrem Schlie\u00dffach, ganz bequem und sicher \u00fcber einen pers\u00f6nlichen Code.<\/p><p>Auch im FitPoint in Raesfeld stehen unsere LiveLocker\u00ae den G\u00e4sten des Fitnessstudios zur Verf\u00fcgung. Hier bieten die 24 Schlie\u00dff\u00e4cher im Freitrainingsbereich gen\u00fcgend Stauraum f\u00fcr die Wertsachen aller Trainierenden.<\/p><p><img loading=\"lazy\" decoding=\"async\" class=\"alignnone size-medium wp-image-2464\" src=\"http:\/\/we-digitize.io\/wp-content\/uploads\/2026\/04\/fitpoint-300x225.jpg\" alt=\"\" width=\"300\" height=\"225\" srcset=\"https:\/\/we-digitize.io\/wp-content\/uploads\/2026\/04\/fitpoint-300x225.jpg 300w, https:\/\/we-digitize.io\/wp-content\/uploads\/2026\/04\/fitpoint-16x12.jpg 16w, https:\/\/we-digitize.io\/wp-content\/uploads\/2026\/04\/fitpoint.jpg 543w\" sizes=\"(max-width: 300px) 100vw, 300px\" \/><\/p><\/div>\n\t\t\t\t<\/div>\n\t\t\t\t\t\t\t<div class=\"elementor-toggle-item\">\n\t\t\t\t\t<div id=\"elementor-tab-title-1867\" class=\"elementor-tab-title\" data-tab=\"7\" role=\"button\" aria-controls=\"elementor-tab-content-1867\" aria-expanded=\"false\">\n\t\t\t\t\t\t\t\t\t\t\t\t<span class=\"elementor-toggle-icon elementor-toggle-icon-right\" aria-hidden=\"true\">\n\t\t\t\t\t\t\t\t\t\t\t\t\t\t\t<span class=\"elementor-toggle-icon-closed\"><i class=\"fas fa-plus\"><\/i><\/span>\n\t\t\t\t\t\t\t\t<span class=\"elementor-toggle-icon-opened\"><i class=\"elementor-toggle-icon-opened fas fa-minus\"><\/i><\/span>\n\t\t\t\t\t\t\t\t\t\t\t\t\t<\/span>\n\t\t\t\t\t\t\t\t\t\t\t\t<a class=\"elementor-toggle-title\" tabindex=\"0\">Erlebniswelt Trauffer<\/a>\n\t\t\t\t\t<\/div>\n\n\t\t\t\t\t<div id=\"elementor-tab-content-1867\" class=\"elementor-tab-content elementor-clearfix\" data-tab=\"7\" role=\"region\" aria-labelledby=\"elementor-tab-title-1867\"><p>Die G\u00e4ste der Erlebniswelt Trauffer k\u00f6nnen unsere digitale Schlie\u00dffachl\u00f6sung nutzen. Dadurch k\u00f6nnen sie ihren Aufenthalt unbeschwert genie\u00dfen, ohne sich Gedanken \u00fcber die Sicherheit ihrer Wertsachen machen zu m\u00fcssen. Ein Zugriff auf das Schlie\u00dffach ist jederzeit problemlos m\u00f6glich. Da die Schlie\u00dff\u00e4cher \u00fcber das Smartphone ge\u00f6ffnet werden, gibt es keinen Schl\u00fcssel in Form von Karten oder \u00e4hnlichem, den man verlieren kann. Wenn man das Smartphone ebenfalls einschlie\u00dfen m\u00f6chte, ist das dank des integrierten Tablet-Systems m\u00f6glich. Somit ben\u00f6tigt man gar keine Hilfsmittel um an sein Schlie\u00dffach zu gelangen.<\/p><p><img loading=\"lazy\" decoding=\"async\" class=\"alignnone size-medium wp-image-2465\" src=\"http:\/\/we-digitize.io\/wp-content\/uploads\/2026\/04\/trauffer-300x225.jpg\" alt=\"\" width=\"300\" height=\"225\" srcset=\"https:\/\/we-digitize.io\/wp-content\/uploads\/2026\/04\/trauffer-300x225.jpg 300w, https:\/\/we-digitize.io\/wp-content\/uploads\/2026\/04\/trauffer-16x12.jpg 16w, https:\/\/we-digitize.io\/wp-content\/uploads\/2026\/04\/trauffer.jpg 491w\" sizes=\"(max-width: 300px) 100vw, 300px\" \/><\/p><\/div>\n\t\t\t\t<\/div>\n\t\t\t\t\t\t\t\t<\/div>\n\t\t\t\t\t\t<\/div>\n\t\t\t\t<\/div>\n\t\t\t\t\t<\/div>\n\t\t<\/div>\n\t\t\t\t<div class=\"elementor-column elementor-col-50 elementor-top-column elementor-element elementor-element-48b6880\" data-id=\"48b6880\" data-element_type=\"column\" data-e-type=\"column\" data-settings=\"{&quot;background_background&quot;:&quot;classic&quot;}\">\n\t\t\t<div class=\"elementor-widget-wrap elementor-element-populated\">\n\t\t\t\t\t\t<div class=\"elementor-element elementor-element-948b956 elementor-widget elementor-widget-image\" data-id=\"948b956\" data-element_type=\"widget\" data-e-type=\"widget\" data-widget_type=\"image.default\">\n\t\t\t\t<div class=\"elementor-widget-container\">\n\t\t\t\t\t\t\t\t\t\t\t\t\t\t\t<img loading=\"lazy\" decoding=\"async\" width=\"800\" height=\"450\" src=\"https:\/\/we-digitize.io\/wp-content\/uploads\/2023\/03\/AE9A1186.00_00_34_45.Standbild001-1024x576.jpg\" class=\"attachment-large size-large wp-image-1865\" alt=\"\" srcset=\"https:\/\/we-digitize.io\/wp-content\/uploads\/2023\/03\/AE9A1186.00_00_34_45.Standbild001-1024x576.jpg 1024w, https:\/\/we-digitize.io\/wp-content\/uploads\/2023\/03\/AE9A1186.00_00_34_45.Standbild001-300x169.jpg 300w, https:\/\/we-digitize.io\/wp-content\/uploads\/2023\/03\/AE9A1186.00_00_34_45.Standbild001-768x432.jpg 768w, https:\/\/we-digitize.io\/wp-content\/uploads\/2023\/03\/AE9A1186.00_00_34_45.Standbild001-1536x864.jpg 1536w, https:\/\/we-digitize.io\/wp-content\/uploads\/2023\/03\/AE9A1186.00_00_34_45.Standbild001-2048x1152.jpg 2048w\" sizes=\"(max-width: 800px) 100vw, 800px\" \/>\t\t\t\t\t\t\t\t\t\t\t\t\t\t\t<\/div>\n\t\t\t\t<\/div>\n\t\t\t\t<div class=\"elementor-element elementor-element-e270247 elementor-widget elementor-widget-image\" data-id=\"e270247\" data-element_type=\"widget\" data-e-type=\"widget\" data-widget_type=\"image.default\">\n\t\t\t\t<div class=\"elementor-widget-container\">\n\t\t\t\t\t\t\t\t\t\t\t\t\t\t\t<img loading=\"lazy\" decoding=\"async\" width=\"338\" height=\"113\" src=\"https:\/\/we-digitize.io\/wp-content\/uploads\/2023\/01\/logo_livecharger.svg\" class=\"attachment-large size-large wp-image-1510\" alt=\"\" \/>\t\t\t\t\t\t\t\t\t\t\t\t\t\t\t<\/div>\n\t\t\t\t<\/div>\n\t\t\t\t<div class=\"elementor-element elementor-element-fd3196b elementor-widget elementor-widget-toggle\" data-id=\"fd3196b\" data-element_type=\"widget\" data-e-type=\"widget\" data-widget_type=\"toggle.default\">\n\t\t\t\t<div class=\"elementor-widget-container\">\n\t\t\t\t\t\t\t<div class=\"elementor-toggle\">\n\t\t\t\t\t\t\t<div class=\"elementor-toggle-item\">\n\t\t\t\t\t<div id=\"elementor-tab-title-2651\" class=\"elementor-tab-title\" data-tab=\"1\" role=\"button\" aria-controls=\"elementor-tab-content-2651\" aria-expanded=\"false\">\n\t\t\t\t\t\t\t\t\t\t\t\t<span class=\"elementor-toggle-icon elementor-toggle-icon-right\" aria-hidden=\"true\">\n\t\t\t\t\t\t\t\t\t\t\t\t\t\t\t<span class=\"elementor-toggle-icon-closed\"><i class=\"fas fa-plus\"><\/i><\/span>\n\t\t\t\t\t\t\t\t<span class=\"elementor-toggle-icon-opened\"><i class=\"elementor-toggle-icon-opened fas fa-minus\"><\/i><\/span>\n\t\t\t\t\t\t\t\t\t\t\t\t\t<\/span>\n\t\t\t\t\t\t\t\t\t\t\t\t<a class=\"elementor-toggle-title\" tabindex=\"0\">Erlebniswelt Trauffer<\/a>\n\t\t\t\t\t<\/div>\n\n\t\t\t\t\t<div id=\"elementor-tab-content-2651\" class=\"elementor-tab-content elementor-clearfix\" data-tab=\"1\" role=\"region\" aria-labelledby=\"elementor-tab-title-2651\"><p>Wir sind stolz und gl\u00fccklich unsere in der Schweiz patentierte LiveCharger Ladel\u00f6sung den Ferieng\u00e4sten der sch\u00f6nen Erlebniswelt Trauffer im Berner Oberland zur Verf\u00fcgung zu stellen. Volle 22kW f\u00fcr jedes Elektroauto in der Einstellhalle des Hotels. Viel Spass beim Batterienaufladen &#8211; f\u00fcr Mensch und Auto.<\/p><p><img loading=\"lazy\" decoding=\"async\" class=\"alignnone size-full wp-image-1865\" src=\"http:\/\/we-digitize.io\/wp-content\/uploads\/2023\/03\/AE9A1186.00_00_34_45.Standbild001-scaled.jpg\" alt=\"\" width=\"2560\" height=\"1440\" srcset=\"https:\/\/we-digitize.io\/wp-content\/uploads\/2023\/03\/AE9A1186.00_00_34_45.Standbild001-scaled.jpg 2560w, https:\/\/we-digitize.io\/wp-content\/uploads\/2023\/03\/AE9A1186.00_00_34_45.Standbild001-300x169.jpg 300w, https:\/\/we-digitize.io\/wp-content\/uploads\/2023\/03\/AE9A1186.00_00_34_45.Standbild001-1024x576.jpg 1024w, https:\/\/we-digitize.io\/wp-content\/uploads\/2023\/03\/AE9A1186.00_00_34_45.Standbild001-768x432.jpg 768w, https:\/\/we-digitize.io\/wp-content\/uploads\/2023\/03\/AE9A1186.00_00_34_45.Standbild001-1536x864.jpg 1536w, https:\/\/we-digitize.io\/wp-content\/uploads\/2023\/03\/AE9A1186.00_00_34_45.Standbild001-2048x1152.jpg 2048w\" sizes=\"(max-width: 2560px) 100vw, 2560px\" \/><\/p><\/div>\n\t\t\t\t<\/div>\n\t\t\t\t\t\t\t<div class=\"elementor-toggle-item\">\n\t\t\t\t\t<div id=\"elementor-tab-title-2652\" class=\"elementor-tab-title\" data-tab=\"2\" role=\"button\" aria-controls=\"elementor-tab-content-2652\" aria-expanded=\"false\">\n\t\t\t\t\t\t\t\t\t\t\t\t<span class=\"elementor-toggle-icon elementor-toggle-icon-right\" aria-hidden=\"true\">\n\t\t\t\t\t\t\t\t\t\t\t\t\t\t\t<span class=\"elementor-toggle-icon-closed\"><i class=\"fas fa-plus\"><\/i><\/span>\n\t\t\t\t\t\t\t\t<span class=\"elementor-toggle-icon-opened\"><i class=\"elementor-toggle-icon-opened fas fa-minus\"><\/i><\/span>\n\t\t\t\t\t\t\t\t\t\t\t\t\t<\/span>\n\t\t\t\t\t\t\t\t\t\t\t\t<a class=\"elementor-toggle-title\" tabindex=\"0\">Standort Duisburg<\/a>\n\t\t\t\t\t<\/div>\n\n\t\t\t\t\t<div id=\"elementor-tab-content-2652\" class=\"elementor-tab-content elementor-clearfix\" data-tab=\"2\" role=\"region\" aria-labelledby=\"elementor-tab-title-2652\"><p>Endlich ist es soweit: Gr\u00fcn tanken &#8211; f\u00fcr jedermann!<br \/>Nun kann sich jede*r von unseren LiveChargern an der Keniastrasse 31 in Duisburg \u00fcberzeugen. F\u00fcr nur 50ct\/kWh k\u00f6nnen an der Weiss+Appetito Niederlassung unsere Ladestationen benutzt werden \u2013 ganz ohne App. Nur kurz den QR-Code an den LiveChargern scannen, g\u00e4ngige Zahlungsmittel auf der Website angeben und es kann los gehen.<br \/>Weiss+Appetito w\u00fcnscht viel Spass beim gr\u00fcnen Tanken und gute Fahrt.<\/p><p><img loading=\"lazy\" decoding=\"async\" class=\"alignnone size-full wp-image-1122\" src=\"http:\/\/we-digitize.io\/wp-content\/uploads\/2022\/07\/20210903_140119.jpg\" alt=\"\" width=\"1585\" height=\"1189\" srcset=\"https:\/\/we-digitize.io\/wp-content\/uploads\/2022\/07\/20210903_140119.jpg 1585w, https:\/\/we-digitize.io\/wp-content\/uploads\/2022\/07\/20210903_140119-300x225.jpg 300w, https:\/\/we-digitize.io\/wp-content\/uploads\/2022\/07\/20210903_140119-1024x768.jpg 1024w, https:\/\/we-digitize.io\/wp-content\/uploads\/2022\/07\/20210903_140119-768x576.jpg 768w, https:\/\/we-digitize.io\/wp-content\/uploads\/2022\/07\/20210903_140119-1536x1152.jpg 1536w\" sizes=\"(max-width: 1585px) 100vw, 1585px\" \/><\/p><\/div>\n\t\t\t\t<\/div>\n\t\t\t\t\t\t\t<div class=\"elementor-toggle-item\">\n\t\t\t\t\t<div id=\"elementor-tab-title-2653\" class=\"elementor-tab-title\" data-tab=\"3\" role=\"button\" aria-controls=\"elementor-tab-content-2653\" aria-expanded=\"false\">\n\t\t\t\t\t\t\t\t\t\t\t\t<span class=\"elementor-toggle-icon elementor-toggle-icon-right\" aria-hidden=\"true\">\n\t\t\t\t\t\t\t\t\t\t\t\t\t\t\t<span class=\"elementor-toggle-icon-closed\"><i class=\"fas fa-plus\"><\/i><\/span>\n\t\t\t\t\t\t\t\t<span class=\"elementor-toggle-icon-opened\"><i class=\"elementor-toggle-icon-opened fas fa-minus\"><\/i><\/span>\n\t\t\t\t\t\t\t\t\t\t\t\t\t<\/span>\n\t\t\t\t\t\t\t\t\t\t\t\t<a class=\"elementor-toggle-title\" tabindex=\"0\">Partnerschaft mit Elli und Migrationsprojekt<\/a>\n\t\t\t\t\t<\/div>\n\n\t\t\t\t\t<div id=\"elementor-tab-content-2653\" class=\"elementor-tab-content elementor-clearfix\" data-tab=\"3\" role=\"region\" aria-labelledby=\"elementor-tab-title-2653\"><p><strong>Partnerschaft mit Elli \u2013 a brand oft the Volkswagen Group<\/strong> <br \/>Wir freuen uns, die offizielle Partnerschaft mit Elli bekannt zu geben. Im Rahmen dieser Zusammenarbeit werden wir einen wesentlichen Beitrag zur Planung, Errichtung und Inbetriebnahme sowie Wartung zuk\u00fcnftiger Projekte leisten. Gemeinsam setzen wir uns f\u00fcr den <br \/>Fortschritt der Elektromobilit\u00e4t ein.<\/p><p><img loading=\"lazy\" decoding=\"async\" class=\"size-medium wp-image-2212 aligncenter\" src=\"http:\/\/we-digitize.io\/wp-content\/uploads\/2024\/09\/Partnerschaft-240x300.png\" alt=\"\" width=\"240\" height=\"300\" srcset=\"https:\/\/we-digitize.io\/wp-content\/uploads\/2024\/09\/Partnerschaft-240x300.png 240w, https:\/\/we-digitize.io\/wp-content\/uploads\/2024\/09\/Partnerschaft-819x1024.png 819w, https:\/\/we-digitize.io\/wp-content\/uploads\/2024\/09\/Partnerschaft-768x960.png 768w, https:\/\/we-digitize.io\/wp-content\/uploads\/2024\/09\/Partnerschaft-10x12.png 10w, https:\/\/we-digitize.io\/wp-content\/uploads\/2024\/09\/Partnerschaft.png 1080w\" sizes=\"(max-width: 240px) 100vw, 240px\" \/><br \/><strong>Erfolgreiches Migrationsprojekt abgeschlossen<\/strong> <br \/>Unser erstes Projekt zur Software-System-Migration von Ladestationen in Stuttgart und Leipzig war ein gro\u00dfer Erfolg. Im Auftrag von Elli haben wir im Dezember 750 AC\/DC Ladepunkte<\/p><p>innerhalb k\u00fcrzester Zeit erfolgreich auf das Elli Backend migriert und getestet. Diese\u00a0Errungenschaft ist ein wichtiger Schritt in unserer Partnerschaft und unterstreicht unser Engagement f\u00fcr innovative L\u00f6sungen im Bereich der Elektromobilit\u00e4t.<\/p><\/div>\n\t\t\t\t<\/div>\n\t\t\t\t\t\t\t<div class=\"elementor-toggle-item\">\n\t\t\t\t\t<div id=\"elementor-tab-title-2654\" class=\"elementor-tab-title\" data-tab=\"4\" role=\"button\" aria-controls=\"elementor-tab-content-2654\" aria-expanded=\"false\">\n\t\t\t\t\t\t\t\t\t\t\t\t<span class=\"elementor-toggle-icon elementor-toggle-icon-right\" aria-hidden=\"true\">\n\t\t\t\t\t\t\t\t\t\t\t\t\t\t\t<span class=\"elementor-toggle-icon-closed\"><i class=\"fas fa-plus\"><\/i><\/span>\n\t\t\t\t\t\t\t\t<span class=\"elementor-toggle-icon-opened\"><i class=\"elementor-toggle-icon-opened fas fa-minus\"><\/i><\/span>\n\t\t\t\t\t\t\t\t\t\t\t\t\t<\/span>\n\t\t\t\t\t\t\t\t\t\t\t\t<a class=\"elementor-toggle-title\" tabindex=\"0\">Magdeburg Alpitronic und Zertifizierung<\/a>\n\t\t\t\t\t<\/div>\n\n\t\t\t\t\t<div id=\"elementor-tab-content-2654\" class=\"elementor-tab-content elementor-clearfix\" data-tab=\"4\" role=\"region\" aria-labelledby=\"elementor-tab-title-2654\"><p><strong>Zertifizierung und erfolgreicher Projektabschluss<\/strong> <br \/>Wir sind nun offiziell zertifiziert, Installations- und Wartungsarbeiten an Alpitronic Hypercharger-Lades\u00e4ulen durchzuf\u00fchren. Diese Zertifizierung best\u00e4tigt den erstklassigen Service und die hohe Qualit\u00e4t die wir unseren Kunden bieten. <br \/>Des Weiteren freuen wir uns zu verk\u00fcnden, dass die Alpitronic Hypercharger-Lades\u00e4ule in Magdeburg erfolgreich installiert und einsatzbereit ist. Dieses Projekt war eines unserer ersten Projekte f\u00fcr Elli. Hier haben wir vom Tiefbau, \u00fcber die Installation bis hin zur Inbetriebnahme des Hyperchargers alles umgesetzt.<br \/>Gemeinsam mit Elli gestalten wird die Zukunft der Elektromobilit\u00e4t!<\/p><p><img loading=\"lazy\" decoding=\"async\" class=\"size-medium wp-image-2214 aligncenter\" src=\"http:\/\/we-digitize.io\/wp-content\/uploads\/2024\/09\/VGP-Magdeburg-225x300.jpeg\" alt=\"\" width=\"225\" height=\"300\" srcset=\"https:\/\/we-digitize.io\/wp-content\/uploads\/2024\/09\/VGP-Magdeburg-225x300.jpeg 225w, https:\/\/we-digitize.io\/wp-content\/uploads\/2024\/09\/VGP-Magdeburg-768x1024.jpeg 768w, https:\/\/we-digitize.io\/wp-content\/uploads\/2024\/09\/VGP-Magdeburg-1152x1536.jpeg 1152w, https:\/\/we-digitize.io\/wp-content\/uploads\/2024\/09\/VGP-Magdeburg-1536x2048.jpeg 1536w, https:\/\/we-digitize.io\/wp-content\/uploads\/2024\/09\/VGP-Magdeburg-9x12.jpeg 9w, https:\/\/we-digitize.io\/wp-content\/uploads\/2024\/09\/VGP-Magdeburg-scaled.jpeg 1920w\" sizes=\"(max-width: 225px) 100vw, 225px\" \/><\/p><\/div>\n\t\t\t\t<\/div>\n\t\t\t\t\t\t\t<div class=\"elementor-toggle-item\">\n\t\t\t\t\t<div id=\"elementor-tab-title-2655\" class=\"elementor-tab-title\" data-tab=\"5\" role=\"button\" aria-controls=\"elementor-tab-content-2655\" aria-expanded=\"false\">\n\t\t\t\t\t\t\t\t\t\t\t\t<span class=\"elementor-toggle-icon elementor-toggle-icon-right\" aria-hidden=\"true\">\n\t\t\t\t\t\t\t\t\t\t\t\t\t\t\t<span class=\"elementor-toggle-icon-closed\"><i class=\"fas fa-plus\"><\/i><\/span>\n\t\t\t\t\t\t\t\t<span class=\"elementor-toggle-icon-opened\"><i class=\"elementor-toggle-icon-opened fas fa-minus\"><\/i><\/span>\n\t\t\t\t\t\t\t\t\t\t\t\t\t<\/span>\n\t\t\t\t\t\t\t\t\t\t\t\t<a class=\"elementor-toggle-title\" tabindex=\"0\">Flexpole Angar und Zertifizierung<\/a>\n\t\t\t\t\t<\/div>\n\n\t\t\t\t\t<div id=\"elementor-tab-content-2655\" class=\"elementor-tab-content elementor-clearfix\" data-tab=\"5\" role=\"region\" aria-labelledby=\"elementor-tab-title-2655\"><p><strong>Zertifizierung und erfolgreiches Projekt: Fortschritte in der Elektromobilit\u00e4t mit Flexpole<\/strong> <br \/>Wir sind nun offiziell zertifiziert, Installations- und Wartungsarbeiten an den Flexpole Lades\u00e4ulen von Elli durchzuf\u00fchren Diese Zertifizierung unterstreicht unser Engagement f\u00fcr hohe Standards und Qualit\u00e4t in der Elektromobilit\u00e4t. <br \/>Zus\u00e4tzlich zu dieser Neuigkeit freuen wir uns bekanntzugeben, dass wir in Zusammenarbeit mit Elli unser erstes Projekt mit einer Flexpole-Lades\u00e4ule erfolgreich abgeschlossen haben. <br \/>Die neu errichtete \u00f6ffentlich zug\u00e4ngliche Lades\u00e4ule befindet sich in Anger, Bayern und ist in der Lage zwei Fahrzeuge parallel mit Strom zu versorgen. Der Standort ist ideal, da hier \u00fcber 300 kW Solarstrom produziert werden, welcher die Batterie der Flexpole-Lades\u00e4ule aufl\u00e4dt. <br \/>Mit diesem Projekt setzen wir ein starkes Zeichen f\u00fcr eine gr\u00fcne und zukunftsorientierte Mobilit\u00e4t und tragen aktiv zu F\u00f6rderung der Elektromobilit\u00e4t bei.<\/p><p><img loading=\"lazy\" decoding=\"async\" class=\"size-medium wp-image-2215 aligncenter\" src=\"http:\/\/we-digitize.io\/wp-content\/uploads\/2024\/09\/AngerPorsche1-225x300.jpg\" alt=\"\" width=\"225\" height=\"300\" srcset=\"https:\/\/we-digitize.io\/wp-content\/uploads\/2024\/09\/AngerPorsche1-225x300.jpg 225w, https:\/\/we-digitize.io\/wp-content\/uploads\/2024\/09\/AngerPorsche1-768x1024.jpg 768w, https:\/\/we-digitize.io\/wp-content\/uploads\/2024\/09\/AngerPorsche1-1152x1536.jpg 1152w, https:\/\/we-digitize.io\/wp-content\/uploads\/2024\/09\/AngerPorsche1-1536x2048.jpg 1536w, https:\/\/we-digitize.io\/wp-content\/uploads\/2024\/09\/AngerPorsche1-9x12.jpg 9w, https:\/\/we-digitize.io\/wp-content\/uploads\/2024\/09\/AngerPorsche1-scaled.jpg 1920w\" sizes=\"(max-width: 225px) 100vw, 225px\" \/><\/p><\/div>\n\t\t\t\t<\/div>\n\t\t\t\t\t\t\t<div class=\"elementor-toggle-item\">\n\t\t\t\t\t<div id=\"elementor-tab-title-2656\" class=\"elementor-tab-title\" data-tab=\"6\" role=\"button\" aria-controls=\"elementor-tab-content-2656\" aria-expanded=\"false\">\n\t\t\t\t\t\t\t\t\t\t\t\t<span class=\"elementor-toggle-icon elementor-toggle-icon-right\" aria-hidden=\"true\">\n\t\t\t\t\t\t\t\t\t\t\t\t\t\t\t<span class=\"elementor-toggle-icon-closed\"><i class=\"fas fa-plus\"><\/i><\/span>\n\t\t\t\t\t\t\t\t<span class=\"elementor-toggle-icon-opened\"><i class=\"elementor-toggle-icon-opened fas fa-minus\"><\/i><\/span>\n\t\t\t\t\t\t\t\t\t\t\t\t\t<\/span>\n\t\t\t\t\t\t\t\t\t\t\t\t<a class=\"elementor-toggle-title\" tabindex=\"0\">duisport<\/a>\n\t\t\t\t\t<\/div>\n\n\t\t\t\t\t<div id=\"elementor-tab-content-2656\" class=\"elementor-tab-content elementor-clearfix\" data-tab=\"6\" role=\"region\" aria-labelledby=\"elementor-tab-title-2656\"><p>In Zusammenarbeit mit der Duisburger Hafen AG konnten wir bereits mehrere Standorte erfolgreich elektrifizieren. Dazu z\u00e4hlt unter anderem Ladeinfrastruktur auf Parkfl\u00e4chen an der Hauptverwaltung sowie weiteren Ladem\u00f6glichkeiten in Duisburg am Parkplatz P1 und P2 oder in Sinzing, Bayern. Insgesamt haben wir bereits 71 Ladepunkte bei duisport realisiert.<\/p><p>Wir freuen uns, bereits eine Vielzahl gemeinsamer Projekte realisiert zu haben und blicken ebenso gespannt auf zuk\u00fcnftige Projekte und die weitere Zusammenarbeit.<\/p><p><img loading=\"lazy\" decoding=\"async\" class=\"alignnone wp-image-2466 size-medium\" src=\"http:\/\/we-digitize.io\/wp-content\/uploads\/2026\/04\/duisport-e1777276330142-225x300.jpg\" alt=\"\" width=\"225\" height=\"300\" srcset=\"https:\/\/we-digitize.io\/wp-content\/uploads\/2026\/04\/duisport-e1777276330142-225x300.jpg 225w, https:\/\/we-digitize.io\/wp-content\/uploads\/2026\/04\/duisport-e1777276330142-9x12.jpg 9w, https:\/\/we-digitize.io\/wp-content\/uploads\/2026\/04\/duisport-e1777276330142.jpg 373w\" sizes=\"(max-width: 225px) 100vw, 225px\" \/><\/p><\/div>\n\t\t\t\t<\/div>\n\t\t\t\t\t\t\t<div class=\"elementor-toggle-item\">\n\t\t\t\t\t<div id=\"elementor-tab-title-2657\" class=\"elementor-tab-title\" data-tab=\"7\" role=\"button\" aria-controls=\"elementor-tab-content-2657\" aria-expanded=\"false\">\n\t\t\t\t\t\t\t\t\t\t\t\t<span class=\"elementor-toggle-icon elementor-toggle-icon-right\" aria-hidden=\"true\">\n\t\t\t\t\t\t\t\t\t\t\t\t\t\t\t<span class=\"elementor-toggle-icon-closed\"><i class=\"fas fa-plus\"><\/i><\/span>\n\t\t\t\t\t\t\t\t<span class=\"elementor-toggle-icon-opened\"><i class=\"elementor-toggle-icon-opened fas fa-minus\"><\/i><\/span>\n\t\t\t\t\t\t\t\t\t\t\t\t\t<\/span>\n\t\t\t\t\t\t\t\t\t\t\t\t<a class=\"elementor-toggle-title\" tabindex=\"0\">Shimadzu<\/a>\n\t\t\t\t\t<\/div>\n\n\t\t\t\t\t<div id=\"elementor-tab-content-2657\" class=\"elementor-tab-content elementor-clearfix\" data-tab=\"7\" role=\"region\" aria-labelledby=\"elementor-tab-title-2657\"><p>Unsere LiveCharger sind erfolgreich bei Shimadzu Europa und Shimadzu Deutschland installiert! Bei Shimadzu Europa wurden zw\u00f6lf EMBED Ladepunkte installiert und auch bei Shimadzu Deutschland sind unsere Ladestationen erfolgreich in den Betrieb gegangen. Dort wurden drei LiveCharger #EMBED Ladestationen auf der Stromschiene installiert. Die EMBED Ladestation ist schlanker als eine Adapt L\u00f6sung und bietet somit mehr Parkfl\u00e4che.<\/p><p>Wir freuen uns sehr \u00fcber diese erfolgreiche Zusammenarbeit!<\/p><p><img loading=\"lazy\" decoding=\"async\" class=\" wp-image-2467 alignleft\" src=\"http:\/\/we-digitize.io\/wp-content\/uploads\/2026\/04\/shimadzu-1-300x225.jpg\" alt=\"\" width=\"207\" height=\"155\" srcset=\"https:\/\/we-digitize.io\/wp-content\/uploads\/2026\/04\/shimadzu-1-300x225.jpg 300w, https:\/\/we-digitize.io\/wp-content\/uploads\/2026\/04\/shimadzu-1-16x12.jpg 16w, https:\/\/we-digitize.io\/wp-content\/uploads\/2026\/04\/shimadzu-1.jpg 482w\" sizes=\"(max-width: 207px) 100vw, 207px\" \/> <img loading=\"lazy\" decoding=\"async\" class=\"wp-image-2468 alignright\" src=\"http:\/\/we-digitize.io\/wp-content\/uploads\/2026\/04\/shimadzu-2-300x225.jpg\" alt=\"\" width=\"209\" height=\"157\" srcset=\"https:\/\/we-digitize.io\/wp-content\/uploads\/2026\/04\/shimadzu-2-300x225.jpg 300w, https:\/\/we-digitize.io\/wp-content\/uploads\/2026\/04\/shimadzu-2-16x12.jpg 16w, https:\/\/we-digitize.io\/wp-content\/uploads\/2026\/04\/shimadzu-2.jpg 482w\" sizes=\"(max-width: 209px) 100vw, 209px\" \/><\/p><\/div>\n\t\t\t\t<\/div>\n\t\t\t\t\t\t\t<div class=\"elementor-toggle-item\">\n\t\t\t\t\t<div id=\"elementor-tab-title-2658\" class=\"elementor-tab-title\" data-tab=\"8\" role=\"button\" aria-controls=\"elementor-tab-content-2658\" aria-expanded=\"false\">\n\t\t\t\t\t\t\t\t\t\t\t\t<span class=\"elementor-toggle-icon elementor-toggle-icon-right\" aria-hidden=\"true\">\n\t\t\t\t\t\t\t\t\t\t\t\t\t\t\t<span class=\"elementor-toggle-icon-closed\"><i class=\"fas fa-plus\"><\/i><\/span>\n\t\t\t\t\t\t\t\t<span class=\"elementor-toggle-icon-opened\"><i class=\"elementor-toggle-icon-opened fas fa-minus\"><\/i><\/span>\n\t\t\t\t\t\t\t\t\t\t\t\t\t<\/span>\n\t\t\t\t\t\t\t\t\t\t\t\t<a class=\"elementor-toggle-title\" tabindex=\"0\">Elli-Projekte<\/a>\n\t\t\t\t\t<\/div>\n\n\t\t\t\t\t<div id=\"elementor-tab-content-2658\" class=\"elementor-tab-content elementor-clearfix\" data-tab=\"8\" role=\"region\" aria-labelledby=\"elementor-tab-title-2658\"><p>Die E-Mobilit\u00e4t-Reise gemeinsam mit Elli geht weiter. Folgende neue Standorte wurden in den vergangenen Wochen ebenfalls erfolgreich realisiert:<\/p><p>In Anger haben wurden zwei Ladepunkte realisiert, womit wir offiziell zertifiziert sind Installations- und Wartungsarbeiten an den Flexpole-Lades\u00e4ulen von Elli durchzuf\u00fchren. In Wolfsburg und M\u00fcnchen haben wir insgesamt 54 Ladepunkte installiert. In Sassenburg wurden elf Ladepunkte installiert und sieben in den Steimker G\u00e4rten. Hinzukommt ein ausgetauschter Ladepunkt in Emden und die Inbetriebnahme von sechs Ladepunkten in Dinslaken.<\/p><p>Wir freuen uns \u00fcber die bisherige Zusammenarbeit mit Elli und \u00fcber alle zuk\u00fcnftigen Projekte.<\/p><p>\u00a0<\/p><\/div>\n\t\t\t\t<\/div>\n\t\t\t\t\t\t\t\t<\/div>\n\t\t\t\t\t\t<\/div>\n\t\t\t\t<\/div>\n\t\t\t\t\t<\/div>\n\t\t<\/div>\n\t\t\t\t\t<\/div>\n\t\t<\/section>\n\t\t\t\t<section class=\"elementor-section elementor-top-section elementor-element elementor-element-15d5232 elementor-section-boxed elementor-section-height-default elementor-section-height-default\" data-id=\"15d5232\" data-element_type=\"section\" data-e-type=\"section\">\n\t\t\t\t\t\t<div class=\"elementor-container elementor-column-gap-default\">\n\t\t\t\t\t<div class=\"elementor-column elementor-col-100 elementor-top-column elementor-element elementor-element-479a280\" data-id=\"479a280\" data-element_type=\"column\" data-e-type=\"column\">\n\t\t\t<div class=\"elementor-widget-wrap elementor-element-populated\">\n\t\t\t\t\t\t\t<\/div>\n\t\t<\/div>\n\t\t\t\t\t<\/div>\n\t\t<\/section>\n\t\t\t\t<section class=\"elementor-section elementor-top-section elementor-element elementor-element-4814587 elementor-section-boxed elementor-section-height-default elementor-section-height-default\" data-id=\"4814587\" data-element_type=\"section\" data-e-type=\"section\">\n\t\t\t\t\t\t<div class=\"elementor-container elementor-column-gap-default\">\n\t\t\t\t\t<div class=\"elementor-column elementor-col-100 elementor-top-column elementor-element elementor-element-8da4125\" data-id=\"8da4125\" data-element_type=\"column\" data-e-type=\"column\">\n\t\t\t<div class=\"elementor-widget-wrap elementor-element-populated\">\n\t\t\t\t\t\t\t<\/div>\n\t\t<\/div>\n\t\t\t\t\t<\/div>\n\t\t<\/section>\n\t\t\t\t<\/div>\n\t\t","protected":false},"excerpt":{"rendered":"<p>Aktuelle Projekte Kauf Park G\u00f6ttingen Eine wichtige Serviceleistung in einem Einkaufszentrum sind Schliessf\u00e4cher, in denen Kundinnen und Kunden ihre Eink\u00e4ufe, Taschen oder auch Jacke und Regenschirm sicher verwahren k\u00f6nnen. J\u00fcrgen Brunke, Center Manager Kauf Park, meint: \u00abWir sind stolz, gemeinsam mit we.digitize, unseren Kundinnen und Kunden diesen kostenlosen Service zu bieten. Wir sind davon \u00fcberzeugt, [&hellip;]<\/p>\n","protected":false},"author":2,"featured_media":0,"parent":0,"menu_order":0,"comment_status":"closed","ping_status":"closed","template":"","meta":{"footnotes":""},"class_list":["post-960","page","type-page","status-publish","hentry"],"_links":{"self":[{"href":"https:\/\/we-digitize.io\/de\/wp-json\/wp\/v2\/pages\/960","targetHints":{"allow":["GET"]}}],"collection":[{"href":"https:\/\/we-digitize.io\/de\/wp-json\/wp\/v2\/pages"}],"about":[{"href":"https:\/\/we-digitize.io\/de\/wp-json\/wp\/v2\/types\/page"}],"author":[{"embeddable":true,"href":"https:\/\/we-digitize.io\/de\/wp-json\/wp\/v2\/users\/2"}],"replies":[{"embeddable":true,"href":"https:\/\/we-digitize.io\/de\/wp-json\/wp\/v2\/comments?post=960"}],"version-history":[{"count":63,"href":"https:\/\/we-digitize.io\/de\/wp-json\/wp\/v2\/pages\/960\/revisions"}],"predecessor-version":[{"id":2472,"href":"https:\/\/we-digitize.io\/de\/wp-json\/wp\/v2\/pages\/960\/revisions\/2472"}],"wp:attachment":[{"href":"https:\/\/we-digitize.io\/de\/wp-json\/wp\/v2\/media?parent=960"}],"curies":[{"name":"wp","href":"https:\/\/api.w.org\/{rel}","templated":true}]}}